{"id":12977,"date":"2014-11-14T14:36:39","date_gmt":"2014-11-14T16:36:39","guid":{"rendered":"https:\/\/sachacalmon.com.br\/?page_id=12977"},"modified":"2024-04-04T11:34:01","modified_gmt":"2024-04-04T14:34:01","slug":"about","status":"publish","type":"page","link":"https:\/\/sachacalmon.com.br\/en\/about\/","title":{"rendered":"About Us"},"content":{"rendered":"<p>[et_pb_section fb_built=&#8221;1&#8243; admin_label=&#8221;Topo&#8221; module_class=&#8221;topo&#8221; _builder_version=&#8221;4.24.2&#8243; _module_preset=&#8221;default&#8221; background_image=&#8221;https:\/\/sachacalmon.com.br\/wp-content\/uploads\/2024\/03\/topo.jpg&#8221; background_size=&#8221;custom&#8221; background_image_width=&#8221;100%&#8221; background_image_height=&#8221;100%&#8221; background_position=&#8221;bottom_center&#8221; custom_padding=&#8221;180px||25px||false|false&#8221; background_last_edited=&#8221;off|desktop&#8221; border_width_top=&#8221;5px&#8221; border_color_top=&#8221;#be883e&#8221; global_colors_info=&#8221;{}&#8221;][et_pb_row _builder_version=&#8221;4.24.2&#8243; _module_preset=&#8221;default&#8221; global_colors_info=&#8221;{}&#8221;][et_pb_column type=&#8221;4_4&#8243; _builder_version=&#8221;4.24.2&#8243; _module_preset=&#8221;default&#8221; global_colors_info=&#8221;{}&#8221;][et_pb_text module_class=&#8221;titulo&#8221; _builder_version=&#8221;4.24.2&#8243; _module_preset=&#8221;default&#8221; global_colors_info=&#8221;{}&#8221;]<\/p>\n<h1>Office<\/h1>\n<p>[\/et_pb_text][\/et_pb_column][\/et_pb_row][\/et_pb_section][et_pb_section fb_built=&#8221;1&#8243; module_class=&#8221;sobre&#8221; _builder_version=&#8221;4.24.2&#8243; _module_preset=&#8221;default&#8221; background_image=&#8221;https:\/\/sachacalmon.com.br\/wp-content\/uploads\/2024\/03\/paginas-topo2.jpg&#8221; background_size=&#8221;custom&#8221; background_image_width=&#8221;100%&#8221; background_position=&#8221;top_center&#8221; global_colors_info=&#8221;{}&#8221;][et_pb_row _builder_version=&#8221;4.24.2&#8243; _module_preset=&#8221;default&#8221; max_width=&#8221;980px&#8221; global_colors_info=&#8221;{}&#8221;][et_pb_column type=&#8221;4_4&#8243; _builder_version=&#8221;4.24.2&#8243; _module_preset=&#8221;default&#8221; global_colors_info=&#8221;{}&#8221;][et_pb_text module_class=&#8221;texto&#8221; _builder_version=&#8221;4.24.2&#8243; _module_preset=&#8221;default&#8221; global_colors_info=&#8221;{}&#8221;]<\/p>\n<h2>SCMD<\/h2>\n<h4>National reference in Tax Law<\/h4>\n<p>[\/et_pb_text][\/et_pb_column][\/et_pb_row][et_pb_row _builder_version=&#8221;4.24.2&#8243; _module_preset=&#8221;default&#8221; max_width=&#8221;980px&#8221; custom_padding=&#8221;||0px||false|false&#8221; global_colors_info=&#8221;{}&#8221;][et_pb_column type=&#8221;4_4&#8243; _builder_version=&#8221;4.24.2&#8243; _module_preset=&#8221;default&#8221; global_colors_info=&#8221;{}&#8221;][et_pb_text module_class=&#8221;texto&#8221; _builder_version=&#8221;4.24.2&#8243; _module_preset=&#8221;default&#8221; global_colors_info=&#8221;{}&#8221;]<\/p>\n<p>Established in 1994, Sacha Calmon \u2013 Misabel Derzi Consultores e Advogados (SCMD) has been recognized since its early years as the benchmark in Tax Law in Brazil. Through its offices in Belo Horizonte (MG), Rio de Janeiro (RJ), S\u00e3o Paulo (SP) and Bras\u00edlia (DF), and with a far-reaching network of correspondent law firms, it provides legal services nationwide.<\/p>\n<p>The office stands out due to its specialization in Domestic and Foreign Tax Law, assisting clients in administrative and court litigation and also issuing legal opinions on complex tax matters.<\/p>\n<p>Highly-regarded legal publications such as Chambers Global, Chambers Latin America and An\u00e1lise Advocacia commonly mention the firm and its partners as remarkable references on the field, featuring them among the country\u2019s leading tax lawyers.<\/p>\n<p>The legal staff of over one hundred professionals is led by the renowned professors Sacha Calmon and Misabel Derzi, the founding partners of the firm. All the other partners also have impressive qualifications and experience, which can be reasserted by their academic background and work experience in some of the country\u2019s most prestigious law schools.<\/p>\n<p>[\/et_pb_text][et_pb_text _builder_version=&#8221;4.24.2&#8243; _module_preset=&#8221;default&#8221; hover_enabled=&#8221;0&#8243; sticky_enabled=&#8221;0&#8243;][\/et_pb_text][\/et_pb_column][\/et_pb_row][\/et_pb_section]<\/p>\n","protected":false},"excerpt":{"rendered":"<p>OfficeSCMD National reference in Tax LawEstablished in 1994, Sacha Calmon \u2013 Misabel Derzi Consultores e Advogados (SCMD) has been recognized since its early years as the benchmark in Tax Law in Brazil. Through its offices in Belo Horizonte (MG), Rio de Janeiro (RJ), S\u00e3o Paulo (SP) and Bras\u00edlia (DF), and with a far-reaching network of [&hellip;]<\/p>\n","protected":false},"author":1,"featured_media":29351,"parent":0,"menu_order":0,"comment_status":"open","ping_status":"closed","template":"","meta":{"_acf_changed":false,"_et_pb_use_builder":"on","_et_pb_old_content":"","_et_gb_content_width":"","footnotes":""},"class_list":["post-12977","page","type-page","status-publish","has-post-thumbnail","hentry"],"acf":[],"yoast_head":"<!-- This site is optimized with the Yoast SEO plugin v23.3 - https:\/\/yoast.com\/wordpress\/plugins\/seo\/ -->\n<title>Apresenta\u00e7\u00e3o: refer\u00eancia nacional em Direito Tribut\u00e1rio<\/title>\n<meta name=\"description\" content=\"O Sacha Calmon - Misabel Derzi Consultores e Advogados oferece cobertura em todo o Brasil, atendimento personalizado e estrutura profissional.\" \/>\n<meta name=\"robots\" content=\"index, follow, max-snippet:-1, max-image-preview:large, max-video-preview:-1\" \/>\n<link rel=\"canonical\" href=\"https:\/\/sachacalmon.com.br\/en\/about\/\" \/>\n<meta property=\"og:locale\" content=\"en_US\" \/>\n<meta property=\"og:type\" content=\"article\" \/>\n<meta property=\"og:title\" content=\"Apresenta\u00e7\u00e3o: refer\u00eancia nacional em Direito Tribut\u00e1rio\" \/>\n<meta property=\"og:description\" content=\"O Sacha Calmon - Misabel Derzi Consultores e Advogados oferece cobertura em todo o Brasil, atendimento personalizado e estrutura profissional.\" \/>\n<meta property=\"og:url\" content=\"https:\/\/sachacalmon.com.br\/en\/about\/\" \/>\n<meta property=\"og:site_name\" content=\"Sacha Calmon Misabel Derzi Advogados\" \/>\n<meta property=\"article:publisher\" content=\"https:\/\/www.facebook.com\/scalmonmderzi\" \/>\n<meta property=\"article:modified_time\" content=\"2024-04-04T14:34:01+00:00\" \/>\n<meta property=\"og:image\" content=\"https:\/\/sachacalmon.com.br\/wp-content\/uploads\/2010\/05\/bg-areas-atuacao-sacha-calmon.jpg\" \/>\n\t<meta property=\"og:image:width\" content=\"2000\" \/>\n\t<meta property=\"og:image:height\" content=\"538\" \/>\n\t<meta property=\"og:image:type\" content=\"image\/jpeg\" \/>\n<meta name=\"twitter:label1\" content=\"Est. reading time\" \/>\n\t<meta name=\"twitter:data1\" content=\"2 minutes\" \/>\n<script type=\"application\/ld+json\" class=\"yoast-schema-graph\">{\"@context\":\"https:\/\/schema.org\",\"@graph\":[{\"@type\":\"WebPage\",\"@id\":\"https:\/\/sachacalmon.com.br\/en\/about\/\",\"url\":\"https:\/\/sachacalmon.com.br\/en\/about\/\",\"name\":\"Apresenta\u00e7\u00e3o: refer\u00eancia nacional em Direito Tribut\u00e1rio\",\"isPartOf\":{\"@id\":\"https:\/\/sachacalmon.com.br\/#website\"},\"primaryImageOfPage\":{\"@id\":\"https:\/\/sachacalmon.com.br\/en\/about\/#primaryimage\"},\"image\":{\"@id\":\"https:\/\/sachacalmon.com.br\/en\/about\/#primaryimage\"},\"thumbnailUrl\":\"https:\/\/sachacalmon.com.br\/wp-content\/uploads\/2010\/05\/bg-areas-atuacao-sacha-calmon.jpg\",\"datePublished\":\"2014-11-14T16:36:39+00:00\",\"dateModified\":\"2024-04-04T14:34:01+00:00\",\"description\":\"O Sacha Calmon - Misabel Derzi Consultores e Advogados oferece cobertura em todo o Brasil, atendimento personalizado e estrutura profissional.\",\"inLanguage\":\"en-US\",\"potentialAction\":[{\"@type\":\"ReadAction\",\"target\":[\"https:\/\/sachacalmon.com.br\/en\/about\/\"]}]},{\"@type\":\"ImageObject\",\"inLanguage\":\"en-US\",\"@id\":\"https:\/\/sachacalmon.com.br\/en\/about\/#primaryimage\",\"url\":\"https:\/\/sachacalmon.com.br\/wp-content\/uploads\/2010\/05\/bg-areas-atuacao-sacha-calmon.jpg\",\"contentUrl\":\"https:\/\/sachacalmon.com.br\/wp-content\/uploads\/2010\/05\/bg-areas-atuacao-sacha-calmon.jpg\",\"width\":2000,\"height\":538},{\"@type\":\"WebSite\",\"@id\":\"https:\/\/sachacalmon.com.br\/#website\",\"url\":\"https:\/\/sachacalmon.com.br\/\",\"name\":\"Sacha Calmon Misabel Derzi Advogados\",\"description\":\"Refer\u00eancia Nacional em Direito Tribut\u00e1rio, o Sacha Calmon Misabel Derzi atua em todo o territ\u00f3rio nacional e conta com unidades em BH, SP, RJ e DF.\",\"publisher\":{\"@id\":\"https:\/\/sachacalmon.com.br\/#organization\"},\"alternateName\":\"Sacha Calmon Misabel Derzi Consultores e Advogados\",\"potentialAction\":[{\"@type\":\"SearchAction\",\"target\":{\"@type\":\"EntryPoint\",\"urlTemplate\":\"https:\/\/sachacalmon.com.br\/?s={search_term_string}\"},\"query-input\":\"required name=search_term_string\"}],\"inLanguage\":\"en-US\"},{\"@type\":\"Organization\",\"@id\":\"https:\/\/sachacalmon.com.br\/#organization\",\"name\":\"Sacha Calmon Misabel Derzi Advogados\",\"url\":\"https:\/\/sachacalmon.com.br\/\",\"logo\":{\"@type\":\"ImageObject\",\"inLanguage\":\"en-US\",\"@id\":\"https:\/\/sachacalmon.com.br\/#\/schema\/logo\/image\/\",\"url\":\"https:\/\/sachacalmon.com.br\/wp-content\/uploads\/2024\/07\/Group-7.png\",\"contentUrl\":\"https:\/\/sachacalmon.com.br\/wp-content\/uploads\/2024\/07\/Group-7.png\",\"width\":457,\"height\":126,\"caption\":\"Sacha Calmon Misabel Derzi Advogados\"},\"image\":{\"@id\":\"https:\/\/sachacalmon.com.br\/#\/schema\/logo\/image\/\"},\"sameAs\":[\"https:\/\/www.facebook.com\/scalmonmderzi\",\"https:\/\/www.instagram.com\/sachacalmon_advogados\/\",\"https:\/\/www.linkedin.com\/company\/scmd\/\",\"https:\/\/vimeo.com\/sachacalmon\"]}]}<\/script>\n<!-- \/ Yoast SEO plugin. -->","yoast_head_json":{"title":"Apresenta\u00e7\u00e3o: refer\u00eancia nacional em Direito Tribut\u00e1rio","description":"O Sacha Calmon - Misabel Derzi Consultores e Advogados oferece cobertura em todo o Brasil, atendimento personalizado e estrutura profissional.","robots":{"index":"index","follow":"follow","max-snippet":"max-snippet:-1","max-image-preview":"max-image-preview:large","max-video-preview":"max-video-preview:-1"},"canonical":"https:\/\/sachacalmon.com.br\/en\/about\/","og_locale":"en_US","og_type":"article","og_title":"Apresenta\u00e7\u00e3o: refer\u00eancia nacional em Direito Tribut\u00e1rio","og_description":"O Sacha Calmon - Misabel Derzi Consultores e Advogados oferece cobertura em todo o Brasil, atendimento personalizado e estrutura profissional.","og_url":"https:\/\/sachacalmon.com.br\/en\/about\/","og_site_name":"Sacha Calmon Misabel Derzi Advogados","article_publisher":"https:\/\/www.facebook.com\/scalmonmderzi","article_modified_time":"2024-04-04T14:34:01+00:00","og_image":[{"width":2000,"height":538,"url":"https:\/\/sachacalmon.com.br\/wp-content\/uploads\/2010\/05\/bg-areas-atuacao-sacha-calmon.jpg","type":"image\/jpeg"}],"twitter_misc":{"Est. reading time":"2 minutes"},"schema":{"@context":"https:\/\/schema.org","@graph":[{"@type":"WebPage","@id":"https:\/\/sachacalmon.com.br\/en\/about\/","url":"https:\/\/sachacalmon.com.br\/en\/about\/","name":"Apresenta\u00e7\u00e3o: refer\u00eancia nacional em Direito Tribut\u00e1rio","isPartOf":{"@id":"https:\/\/sachacalmon.com.br\/#website"},"primaryImageOfPage":{"@id":"https:\/\/sachacalmon.com.br\/en\/about\/#primaryimage"},"image":{"@id":"https:\/\/sachacalmon.com.br\/en\/about\/#primaryimage"},"thumbnailUrl":"https:\/\/sachacalmon.com.br\/wp-content\/uploads\/2010\/05\/bg-areas-atuacao-sacha-calmon.jpg","datePublished":"2014-11-14T16:36:39+00:00","dateModified":"2024-04-04T14:34:01+00:00","description":"O Sacha Calmon - Misabel Derzi Consultores e Advogados oferece cobertura em todo o Brasil, atendimento personalizado e estrutura profissional.","inLanguage":"en-US","potentialAction":[{"@type":"ReadAction","target":["https:\/\/sachacalmon.com.br\/en\/about\/"]}]},{"@type":"ImageObject","inLanguage":"en-US","@id":"https:\/\/sachacalmon.com.br\/en\/about\/#primaryimage","url":"https:\/\/sachacalmon.com.br\/wp-content\/uploads\/2010\/05\/bg-areas-atuacao-sacha-calmon.jpg","contentUrl":"https:\/\/sachacalmon.com.br\/wp-content\/uploads\/2010\/05\/bg-areas-atuacao-sacha-calmon.jpg","width":2000,"height":538},{"@type":"WebSite","@id":"https:\/\/sachacalmon.com.br\/#website","url":"https:\/\/sachacalmon.com.br\/","name":"Sacha Calmon Misabel Derzi Advogados","description":"Refer\u00eancia Nacional em Direito Tribut\u00e1rio, o Sacha Calmon Misabel Derzi atua em todo o territ\u00f3rio nacional e conta com unidades em BH, SP, RJ e DF.","publisher":{"@id":"https:\/\/sachacalmon.com.br\/#organization"},"alternateName":"Sacha Calmon Misabel Derzi Consultores e Advogados","potentialAction":[{"@type":"SearchAction","target":{"@type":"EntryPoint","urlTemplate":"https:\/\/sachacalmon.com.br\/?s={search_term_string}"},"query-input":"required name=search_term_string"}],"inLanguage":"en-US"},{"@type":"Organization","@id":"https:\/\/sachacalmon.com.br\/#organization","name":"Sacha Calmon Misabel Derzi Advogados","url":"https:\/\/sachacalmon.com.br\/","logo":{"@type":"ImageObject","inLanguage":"en-US","@id":"https:\/\/sachacalmon.com.br\/#\/schema\/logo\/image\/","url":"https:\/\/sachacalmon.com.br\/wp-content\/uploads\/2024\/07\/Group-7.png","contentUrl":"https:\/\/sachacalmon.com.br\/wp-content\/uploads\/2024\/07\/Group-7.png","width":457,"height":126,"caption":"Sacha Calmon Misabel Derzi Advogados"},"image":{"@id":"https:\/\/sachacalmon.com.br\/#\/schema\/logo\/image\/"},"sameAs":["https:\/\/www.facebook.com\/scalmonmderzi","https:\/\/www.instagram.com\/sachacalmon_advogados\/","https:\/\/www.linkedin.com\/company\/scmd\/","https:\/\/vimeo.com\/sachacalmon"]}]}},"_links":{"self":[{"href":"https:\/\/sachacalmon.com.br\/en\/wp-json\/wp\/v2\/pages\/12977"}],"collection":[{"href":"https:\/\/sachacalmon.com.br\/en\/wp-json\/wp\/v2\/pages"}],"about":[{"href":"https:\/\/sachacalmon.com.br\/en\/wp-json\/wp\/v2\/types\/page"}],"author":[{"embeddable":true,"href":"https:\/\/sachacalmon.com.br\/en\/wp-json\/wp\/v2\/users\/1"}],"replies":[{"embeddable":true,"href":"https:\/\/sachacalmon.com.br\/en\/wp-json\/wp\/v2\/comments?post=12977"}],"version-history":[{"count":5,"href":"https:\/\/sachacalmon.com.br\/en\/wp-json\/wp\/v2\/pages\/12977\/revisions"}],"predecessor-version":[{"id":36340,"href":"https:\/\/sachacalmon.com.br\/en\/wp-json\/wp\/v2\/pages\/12977\/revisions\/36340"}],"wp:featuredmedia":[{"embeddable":true,"href":"https:\/\/sachacalmon.com.br\/en\/wp-json\/wp\/v2\/media\/29351"}],"wp:attachment":[{"href":"https:\/\/sachacalmon.com.br\/en\/wp-json\/wp\/v2\/media?parent=12977"}],"curies":[{"name":"wp","href":"https:\/\/api.w.org\/{rel}","templated":true}]}}